{"id":8,"date":"2015-03-12T14:07:46","date_gmt":"2015-03-12T14:07:46","guid":{"rendered":"http:\/\/avada.theme-fusion.com_demos\/lifestyle\/?page_id=8"},"modified":"2021-03-23T08:09:40","modified_gmt":"2021-03-23T08:09:40","slug":"hirek","status":"publish","type":"page","link":"https:\/\/karitaszeger.hu\/web\/hirek\/","title":{"rendered":"H\u00edreink"},"content":{"rendered":"<style type=\"text\/css\">\n\t\/**\n\t * Table of Contents\n\t *\n\t * 1.0 - Pagination\n\t * 2.0 - Social Media Icon\n\t * 3.0 - Default Blog Template\n\t * 4.0 - Classical Template\n\t * 5.0 - Light Breeze Template\n\t * 6.0 - Spektrum Template\n\t * 7.0 - Evolution Template\n\t * 8.0 - Timeline Template\n\t * 9.0 - News Template\n\t * 10.0 - Sallet Template\n\t * 11.0 - Media Grid Template\n\t * 12.0 - Crayon Slider Template\n\t * 13.0 - Blog-Carousel Template\n\t * 14.0 - Blog-Grid-Box Template\n\t * 15.0 - Ticker Template\n\t *\n\t *\/\n\t\/**\n\t * 1.0 - Pagination\n\t *\/\n\t.bdp-load-more a.button.bdp-load-more-btn {\n\t\tbackground-color: #dd0000;\t\tcolor: #ffffff;\t\tfont-size:14px;\t}\n\t.bd_pagination_box.wl_pagination_box .paging-navigation ul.page-numbers li a.page-numbers:hover,\n\t.bd_pagination_box.wl_pagination_box .paging-navigation ul.page-numbers li > span.current {\n\t\tbackground-color: #dd0000;\t\tcolor: #ffffff;\t\tfont-size:14px;\t}\n\t.bd_pagination_box.wl_pagination_box .paging-navigation ul.page-numbers li a.page-numbers {\n\t\tbackground-color: #ffffff;\t\tcolor: #dd0000;\t\tfont-size:14px;\t}\n\t.bd_pagination_box.wl_pagination_box .paging-navigation ul.page-numbers li a.page-numbers.dots {\n\t\tfont-size:14px !important;\t}\n\t\/**\n\t * 2.0 - Social Media Icon\n\t *\/    \n\t.blog_template .social-component a {\n\t\tborder-radius: 100%;\t}\n\t\/**\n\t * Post Title Setting\n\t *\/\n\t.bdp_blog_template .blog_header h2 a span,\n    .bdp_blog_template .bd-blog-header h2 a span,\n\t.glossary .blog_header h2 a span,\n\t.bdp_blog_template.media-grid .blog_header h2 a span,\n\t.bdp_blog_template.timeline .desc h3 a span,\n\t.blog_template.blog-grid-box h2.post_title a span{\n\t\t\t\t\t\t\t\tword-break : normal;\n\t\t\t\t\t\n\t}\n\n\t\/**\n\t * 3.0 - Default Blog Template\n\t *\/\n\t\t\t\/* .bdp_blog_template.nicy .blog_header h2, *\/\n\t\t.blog_template.sallet_slider h2,\n\t\t.blog_template.crayon_slider .blog_header h2,\n\t\t.glossary .blog_header h2,\n\t\t.bdp_blog_template .bd-blog-header h2 {        \n\t\t\tbackground: #ffffff\t\t}\n\t\t.blog_template .bd-more-tag-inline {\n\t\tcolor: #ffffff !important;\t\tfont-size:14px;\t}\n\t\t\t.bdp_blog_template .blog_header h2 a,\n\t\t.bdp_blog_template .bd-blog-header h2 a,\n\t\t.bdp_blog_template .bd_ad_container h4 {\n\t\t\tcolor: #dd3333 !important;\t\t\tfont-size: 31px;\t\t\tbackground-color: #ffffff !important;\n\t\t}\n\t\t.bdp_blog_template .blog_header h2,\n\t\t.bdp_blog_template .bd-blog-header h2,\n\t\t.blog_template .bd_ad_container h4 {\n\t\t\tfont-size: 31px;\t\t}\n\t\t.post_content-inner p,\n\t.bd-post-content {\n\t\tcolor:#999999;\t\tfont-size:14px;\t}\n\t.bdp_blog_template .bd-metacats,\n\t.bd-tags,\n\tspan.bd-category-link,\n\t.bdp_blog_template .author,\n\t.bdp_blog_template .date,\n\t.bdp_blog_template .bd-categories,\n\t.bdp_blog_template.evolution .bd-categories a,\n\t.bdp_blog_template .bd-categories a,\n\t.bd-meta-data-box .bd-metacats,\n\t.bd-meta-data-box .bd-metacomments,\n\t.bd-meta-data-box .bd-metacomments span,\n\t.bdp_blog_template .date i, .bdp_blog_template .author i, .bdp_blog_template .comment i,\n\t.bd-tags a,\n\tspan.bd-category-link a,\n\t.bd-metadatabox p,\n\tspan .bd-link-label,\n\t.bdp_blog_template .blog_footer span,\n\t.bd-metacomments i,\n\t.date_wrap i,\n\t.bdp_blog_template a,\n\t.bdp_blog_template .post_content,\n\t.bd-categories i,\n\t.bdp_blog_template.spektrum .post-bottom .post-by,\n\t.bdp_blog_template.spektrum .post-bottom .bd-tags,\n\t.bd-metadatabox,\n\t.bdp_blog_template.news .bd-blog-header .bd-metadatabox a,\n\t.bdp_blog_template.news .post-content-div .post_cat_tag > span i,\n\t.bdp_blog_template .bd-meta-data-box .bd-metadate, .bdp_blog_template .bd-meta-data-box .bd-metauser, .bdp_blog_template .bd-meta-data-box .bd-metacats,\n\t.bd-meta-data-box .bd-metacats a,\n\t.bd-meta-data-box .bd-metacomments a,\n\t.bdp_blog_template.box-template .bd-tags,\n\t.bdp_blog_template .datetime,\n\t.bdp_blog_template .link-lable,\n\t.bdp_blog_template .post-date\n\t.bdp_blog_template .bd_ad_container p, .blog_template .bd_ad_container, .bdp_blog_template .post-date, .bdp_blog_template .post-comment span {\n\t\tfont-size:14px;\t}\n\t.bdp_blog_template .date,\n\t.bdp_blog_template .comment,\n\t.bdp_blog_template .author .bd-icon-author,\n\t.bdp_blog_template .author,\n\t.bdp_blog_template.news .post-content-div .post_cat_tag > span i ,\n\t.bdp_blog_template .post-by,\n\t.bdp_blog_template .bd-categories i,\n\t.bdp_blog_template .bd-metacats i,\n\t.bdp_blog_template .category-link i,\n\t.bdp_blog_template .bd-tags i,\n\t.bdp_blog_template .bd-metacomments,\n\t.bdp_blog_template .date_wrap i,\n\t.bdp_blog_template .post-date,\n\t.bdp_blog_template .link-lable,\n\t.bdp_blog_template .datetime,\n\t.bdp_blog_template.glossary .post-author span,\n\t.bdp_blog_template .post_content-inner p,\n\t.bdp_blog_template .post_content,\n\t.bdp_blog_template .tags i {\n\t\tcolor:#999999;\t}\n\t.bdp_blog_template .bd-meta-data-box {\n\t\tcolor:#999999;\t}\n\t\t\t.bd-metadatabox {\n\t\t\tcolor:#999999;\t\t}\n\t\t.bd-link-label {\n\t\tcolor:#999999;\t}\n\t.bdp_blog_template a.bd-more-tag {\n\t\tbackground-color: #dd0000!important;\t\tcolor: #ffffff!important;\t}\n\t\t\t.bdp_blog_template a.bd-more-tag:hover {\n\t\t\tbackground-color: #ffffff!important;\t\t\tcolor: #dd0000!important;\t\t}\n\t\t.bdp_blog_template i {\n\t\tfont-style: normal !important;\n\t}\n\t\t\t.bd-tags,\n\t\tspan.bd-category-link,\n\t\t.bdp_blog_template .bd-categories,\n\t\t.bd-meta-data-box .bd-metacats,\n\t\t.bd-meta-data-box .bd-metacats a,\n\t\t.bd-meta-data-box .bd-metacomments a,\n\t\t.bdp_blog_template .bd-categories a,\n\t\t.bd-post-content a,\n\t\t.bd-tags a,\n\t\tspan.bd-category-link a,\n\t\t.bdp_blog_template .tags,\n\t\t.bdp_blog_template a {\n\t\t\tcolor:#ff2d2d !important;\n\t\t\tfont-weight: normal !important;\n\t\t}\n\t\t\t\t.bd-meta-data-box .bd-metacats a:hover,\n\t\t.bd-meta-data-box .bd-metacomments a:hover,\n\t\t.bdp_blog_template .bd-categories a:hover,\n\t\t.spektrum .post-bottom .bd-categories a:hover,\n\t\t.bd-post-content a:hover,\n\t\t.bd-tags a:hover,\n\t\tspan.bd-category-link a:hover,\n\t\t.bdp_blog_template a:hover,\n\t\t.bd-post-content a:hover {\n\t\t\tcolor:#999999 !important;\n\t\t}\n\t\t\t\t.bdp_blog_template.evolution,\n\t\t.bdp_blog_template.lightbreeze {\n\t\t\tbackground: #ffffff;\n\t\t}\n\t\t\t\t\/**\n\t * 4.0 - Classical Template\n\t *\/\n\t.bdp_blog_template.classical .bd-blog-header .bd-tags {\n\t\tcolor: #ff2d2d;\t}\n\t\/**\n\t * 5.0 - Light Breeze Template\n\t *\/\n\t\/**\n\t * 6.0 - Spektrum Template\n\t *\/\n\t.bdp_blog_template.spektrum .bd-blog-header {\n\t\tbackground:#ffffff;\t}\n\t\t\t.spektrum .date {\n\t\t\tbackground-color: #dd3333;\n\t\t}\n\t\t\t\t.spektrum .post-bottom .bd-categories a {\n\t\t\tcolor: #ff2d2d;\n\t\t}\n\t\t\t\t.spektrum .details a {\n\t\t\tcolor :#ffffff !important;\n\t\t\tfont-size:14px;\t\t}\n\t\t\t\t.spektrum .details a:hover {\n\t\t\tcolor :#dd0000;\n\t\t}\n\t\t\/**\n\t * 7.0 - Evolution Template\n\t *\/\n\t\/**\n\t * 8.0 - Timeline Template\n\t *\/\n\t.timeline_bg_wrap:before {\n\t\tbackground: none repeat scroll 0 0 #ffffff;\n\t}\n\t.bd-datetime, .timeline_year span.year_wrap {\n\t\tbackground: none repeat scroll 0 0 #ffffff;\n\t}\n\t.bdp_blog_template.timeline .post_hentry > p > i {\n\t\tbackground: #ffffff;\t}\n\t.bdp_blog_template.timeline:nth-child(2n+1) .post_content_wrap:before,\n\t.bdp_blog_template.timeline:nth-child(2n+1) .post_content_wrap:after {\n\t\tborder-left: 8px solid #ffffff;\n\t}\n\t.rtl .bdp_blog_template.timeline:nth-child(2n+1) .post_content_wrap:before,\n\t.rtl .bdp_blog_template.timeline:nth-child(2n+1) .post_content_wrap:after {\n\t\tborder-right: 8px solid #ffffff;\n\t}\n\t.bdp_blog_template.timeline:nth-child(2n) .post_content_wrap:before,\n\t.bdp_blog_template.timeline:nth-child(2n) .post_content_wrap:after {\n\t\tborder-right: 8px solid #ffffff;\n\t}\n\t.rtl .bdp_blog_template.timeline:nth-child(2n) .post_content_wrap:before,\n\t.rtl .bdp_blog_template.timeline:nth-child(2n) .post_content_wrap:after {\n\t\tborder-left: 8px solid #ffffff;\n\t}\n\t.post_content_wrap {\n\t\tborder:1px solid #ffffff;\n\t}\n\t.bdp_blog_template .post_content_wrap .blog_footer {\n\t\tborder-top: 1px solid #ffffff ;\n\t}\n\t.bdp_blog_template .post-icon {\n\t\tbackground:#ffffff;\t}\n\t.bdp_blog_template.timeline .desc h3 a{\n\t\tcolor: #dd3333 !important;\t\tbackground:#ffffff !important;\t\tfont-size: 31px;\t}\n\n\t\/*media query*\/\n\t@media screen and (max-width: 991px) {\n\t\t.bdp_blog_template.timeline:nth-child(2n+1) .post_content_wrap:before,\n\t\t.bdp_blog_template.timeline:nth-child(2n+1) .post_content_wrap:after {\n\t\t\tborder-right: 8px solid #ffffff;\n\t\t}\n\t}\n\t\/**\n\t * 9.0 - News Template\n\t *\/\n\t\t\t.bdp_blog_template.news .bd-blog-header h2.title a{\n\t\t\tcolor: #dd3333;\t\t\tfont-size: 31px;\t\t}\n\t\t\/* .blog_template.boxy-clean .blog_header h2, *\/\n\t.bdp_blog_template.news .bd-blog-header h2.title{\n\t\tbackground: #ffffff\t}\n\t.bdp_blog_template.news {\n\t\tbackground-color: #ffffff\t}\n\t.bdp_blog_template.news a.bd-more-tag{\n\t\tfloat: right !important;\n\t}\n\t.blog_template.boxy-clean ul li:hover,\n\t.blog_template.boxy-clean ul li:hover .blog_header h2 {\n\t\tbackground: ;\n\t}\n\t.glossary .post_content-inner {\n\t\tborder-color: #ffffff;\t}\n\t.blog_template.boxy-clean .blog_wrap.bdp_blog_template .author {\n\t\tbackground: #ffffff;\t}\n\t\/** 10.0 - Sallet Template *\/\n\t.bdp_blog_template.sallet_slider .blog_header > div > div > div {\n\t\tbackground: #ffffff;\t}\n\t.bdp_blog_template.sallet_slider .blog_header > div > div > div::before {\n\t\tbackground: #ffffff none repeat scroll 0 0;\t}\n\t.bdp_blog_template.sallet_slider.right {\n\t\tbackground: #ffffff ;\t}\n\t.blog_template.sallet_slider .category-link a {\n\t\tbackground: #ffffff ;\t\tcolor: #fff !important;\n\t}\n\t\/** 11.0 - Media Grid Template *\/\n\t.bdp_blog_template.media-grid .blog_header h2 a {\n\t\tbackground: #ffffff\t}\n\t.bdp_blog_template.media-grid .bd-metacats {\n\t\tbackground: #ffffff\t}\n\n\t.bdp_blog_template.media-grid .bd-metacats:hover{\n\t\t\t}\n\n\t.bdp_blog_template.media-grid .post-meta .postdate {\n\t\tfont-size: 14px\t}\n\t\/** 12.0 - Crayon Slider Template *\/\n\t\t\t\/** 13.0 - Blog Carousel Template *\/\n\tli.blog_template.bdp_blog_template.blog_carousel {\n\t\tbackground: #ffffff\t}\n\t.blog_template.blog_carousel .blog_header:hover {\n\t\t}\n\t\/** 14.0 - Blog-Grid-Box Template *\/\n\t.blog_template.blog-grid-box .bd-more-next-line a {\n\t\tbackground: #dd0000;\t\tcolor: #ffffff\t}\n\t.blog_template.blog-grid-box .post-comment a,\n\t.blog_template.blog-grid-box .mauthor .author a,\n\t.blog_template.blog-grid-box .bd-metacats a,\n\t.blog_template.blog-grid-box .mdate a {\n\t\tcolor: #ff2d2d\t}\n\t.blog_template.blog-grid-box .post-comment a:hover,\n\t.blog_template.blog-grid-box .mauthor .author a:hover,\n\t.blog_template.blog-grid-box .bd-metacats a:hover,\n\t.blog_template.blog-grid-box .mdate a:hover {\n\t\tcolor: #999999\t}\n\t.blog_template.blog-grid-box .post_title a {\n\t\tcolor: #dd3333;background: #ffffff;font-size: 31px\t}\n\t.blog_template.blog-grid-box .post_content {\n\t\tcolor: #999999;font-size: 14px\t}\n\t.blog_template.blog-grid-box {\n\t\tbackground: #ffffff\t}\n\n\t\/** 15.0 - Ticker Template *\/\n\t#blog-ticker-style-1 {\n\t\tborder-color: #ffffff\t}\n\t#blog-ticker-style-1 .ticker-title {\n\t\tbackground-color: #ffffff\t}\n\t#blog-ticker-style-1 .ticker-style-title {\n\t\t\t}\n\t#blog-ticker-style-1 .ticker-title>span {\n\t\tborder-color: transparent transparent transparent#ffffff\t}\n\t#blog-ticker-style-1 .blog-tickers a:hover {\n\t\tcolor: #ffffff\t}\n\t#blog-ticker-style-1 .blog-tickers a {\n\t\tcolor: #dd3333\t}\n\t.height {30px}<\/style>\n<div class=\"bdp_wrapper\">\t\t\t\t\t\t<div class=\"blog_template boxy-clean\">\n\t\t\t\t\t\t\t<ul>\n\t\t\t\t\t\t\t\t<li class=\"blog_wrap bdp_blog_template three_column three_column_ipad two_column_tablet one_column_mobile bdp_blog_single_post_wrapp\">\n\t\t\t\t\t\t<div class=\"post-meta\">\n\t\t\t\t\t\t\t\t\t<div class=\"postdate\">\n\t\t\t\t\t\t<span class=\"month\">\u00e1pr 01<\/span>\n\t\t\t\t\t\t<span class=\"year\">2026<\/span>\n\t\t\t\t\t<\/div>\n\t\t\t\t\t\t\t\t<\/div>\n\t\t\t<div class=\"post-media\">\n\t\t\t\t\t\t\t\t\t<div class=\"bd-post-image\"><a href=\"https:\/\/karitaszeger.hu\/web\/2026\/04\/01\/tartoselelmiszer-gyujtes-a-nagybojtben-kozos-osszefogassal-tettuk-szebbe-az-unnepet\/\"><img decoding=\"async\" width=\"2048\" height=\"1536\" src=\"https:\/\/karitaszeger.hu\/web\/wp-content\/uploads\/2026\/04\/TARTOSELELMISZER-GYUJTES-A-NAGYBOJTBEN-\u2013-KOZOS-OSSZEFOGASSAL-TETTUK-SZEBBE-AZ-UNNEPET3.jpg\" class=\"attachment-full size-full wp-post-image\" alt=\"\" srcset=\"https:\/\/karitaszeger.hu\/web\/wp-content\/uploads\/2026\/04\/TARTOSELELMISZER-GYUJTES-A-NAGYBOJTBEN-\u2013-KOZOS-OSSZEFOGASSAL-TETTUK-SZEBBE-AZ-UNNEPET3-160x120.jpg 160w, https:\/\/karitaszeger.hu\/web\/wp-content\/uploads\/2026\/04\/TARTOSELELMISZER-GYUJTES-A-NAGYBOJTBEN-\u2013-KOZOS-OSSZEFOGASSAL-TETTUK-SZEBBE-AZ-UNNEPET3-200x150.jpg 200w, https:\/\/karitaszeger.hu\/web\/wp-content\/uploads\/2026\/04\/TARTOSELELMISZER-GYUJTES-A-NAGYBOJTBEN-\u2013-KOZOS-OSSZEFOGASSAL-TETTUK-SZEBBE-AZ-UNNEPET3-300x225.jpg 300w, https:\/\/karitaszeger.hu\/web\/wp-content\/uploads\/2026\/04\/TARTOSELELMISZER-GYUJTES-A-NAGYBOJTBEN-\u2013-KOZOS-OSSZEFOGASSAL-TETTUK-SZEBBE-AZ-UNNEPET3-400x300.jpg 400w, https:\/\/karitaszeger.hu\/web\/wp-content\/uploads\/2026\/04\/TARTOSELELMISZER-GYUJTES-A-NAGYBOJTBEN-\u2013-KOZOS-OSSZEFOGASSAL-TETTUK-SZEBBE-AZ-UNNEPET3-500x375.jpg 500w, https:\/\/karitaszeger.hu\/web\/wp-content\/uploads\/2026\/04\/TARTOSELELMISZER-GYUJTES-A-NAGYBOJTBEN-\u2013-KOZOS-OSSZEFOGASSAL-TETTUK-SZEBBE-AZ-UNNEPET3-600x450.jpg 600w, https:\/\/karitaszeger.hu\/web\/wp-content\/uploads\/2026\/04\/TARTOSELELMISZER-GYUJTES-A-NAGYBOJTBEN-\u2013-KOZOS-OSSZEFOGASSAL-TETTUK-SZEBBE-AZ-UNNEPET3-700x525.jpg 700w, https:\/\/karitaszeger.hu\/web\/wp-content\/uploads\/2026\/04\/TARTOSELELMISZER-GYUJTES-A-NAGYBOJTBEN-\u2013-KOZOS-OSSZEFOGASSAL-TETTUK-SZEBBE-AZ-UNNEPET3-768x576.jpg 768w, https:\/\/karitaszeger.hu\/web\/wp-content\/uploads\/2026\/04\/TARTOSELELMISZER-GYUJTES-A-NAGYBOJTBEN-\u2013-KOZOS-OSSZEFOGASSAL-TETTUK-SZEBBE-AZ-UNNEPET3-800x600.jpg 800w, https:\/\/karitaszeger.hu\/web\/wp-content\/uploads\/2026\/04\/TARTOSELELMISZER-GYUJTES-A-NAGYBOJTBEN-\u2013-KOZOS-OSSZEFOGASSAL-TETTUK-SZEBBE-AZ-UNNEPET3-1024x768.jpg 1024w, https:\/\/karitaszeger.hu\/web\/wp-content\/uploads\/2026\/04\/TARTOSELELMISZER-GYUJTES-A-NAGYBOJTBEN-\u2013-KOZOS-OSSZEFOGASSAL-TETTUK-SZEBBE-AZ-UNNEPET3-1200x900.jpg 1200w, https:\/\/karitaszeger.hu\/web\/wp-content\/uploads\/2026\/04\/TARTOSELELMISZER-GYUJTES-A-NAGYBOJTBEN-\u2013-KOZOS-OSSZEFOGASSAL-TETTUK-SZEBBE-AZ-UNNEPET3-1536x1152.jpg 1536w, https:\/\/karitaszeger.hu\/web\/wp-content\/uploads\/2026\/04\/TARTOSELELMISZER-GYUJTES-A-NAGYBOJTBEN-\u2013-KOZOS-OSSZEFOGASSAL-TETTUK-SZEBBE-AZ-UNNEPET3.jpg 2048w\" sizes=\"(max-width: 2048px) 100vw, 2048px\" \/><\/a><\/div> \n\t\t\t\t\t\t\t\t<\/div>\n\t\t\t<div class=\"post_summary_outer\">\n\t\t\t\t<div class=\"blog_header\">\n\t\t\t\t\t<h2><a href=\"https:\/\/karitaszeger.hu\/web\/2026\/04\/01\/tartoselelmiszer-gyujtes-a-nagybojtben-kozos-osszefogassal-tettuk-szebbe-az-unnepet\/\"><span>TART\u00d3S\u00c9LELMISZER GY\u0170JT\u00c9S A NAGYB\u00d6JTBEN \u2013 K\u00d6Z\u00d6S \u00d6SSZEFOG\u00c1SSAL TETT\u00dcK SZEBB\u00c9 AZ \u00dcNNEPET<\/span><\/a><\/h2>\n\t\t\t\t<\/div>\n\t\t\t\t<div class=\"post_content\">\n\t\t\t\t\tTART\u00d3S\u00c9LELMISZER GY\u0170JT\u00c9S A NAGYB\u00d6JTBEN \u2013 K\u00d6Z\u00d6S \u00d6SSZEFOG\u00c1SSAL TETT\u00dcK SZEBB\u00c9 AZ \u00dcNNEPET \u201eA szeretetben szolg\u00e1ljatok egym\u00e1snak.\u201d (Gal 5,13) H\u00e1latelt sz\u00edvvel \u00e9s nagy \u00f6r\u00f6mmel tekint\u00fcnk vissza az elm\u00falt hetekre, hiszen a nagyb\u00f6jti\t\t\t\t\t<div class=\"bd-more-next-line\"><a class=\"bd-more-tag\" href=\"https:\/\/karitaszeger.hu\/web\/2026\/04\/01\/tartoselelmiszer-gyujtes-a-nagybojtben-kozos-osszefogassal-tettuk-szebbe-az-unnepet\/\">Tov\u00e1bb <\/a><\/div>\t\t\t\t<\/div>\n\t\t\t<\/div>\n\t\t\t<div class=\"blog_footer\">\n\t\t\t\t<div class=\"footer_meta\">\n\t\t\t\t\t\t\t\t\t\t\t\t\t\t<\/div>\n\t\t\t\t<div class='bd_social_share_wrap'>\n\t\t\t\t\t\t\t\t\t\t\t<div class=\"social-component\">\n\t\t\t\t\t\t\t\t\t\t\t\t\t\t\t<a data-share=\"facebook\" data-href=\"https:\/\/www.facebook.com\/sharer\/sharer.php\" data-url=\"https:\/\/karitaszeger.hu\/web\/2026\/04\/01\/tartoselelmiszer-gyujtes-a-nagybojtben-kozos-osszefogassal-tettuk-szebbe-az-unnepet\/\" class=\"bd-facebook-share bd-social-share\"><i class=\"fab fa-facebook-f\"><\/i><\/a>\n\t\t\t\t\t\t\t\t\t\t\t\t\t\t\t\t\t\t\t\t\t\t<a data-share=\"twitter\" data-href=\"https:\/\/twitter.com\/share\" data-text=\"TART\u00d3S\u00c9LELMISZER GY\u0170JT\u00c9S A NAGYB\u00d6JTBEN \u2013 K\u00d6Z\u00d6S \u00d6SSZEFOG\u00c1SSAL TETT\u00dcK SZEBB\u00c9 AZ \u00dcNNEPET\" data-url=\"https:\/\/karitaszeger.hu\/web\/2026\/04\/01\/tartoselelmiszer-gyujtes-a-nagybojtben-kozos-osszefogassal-tettuk-szebbe-az-unnepet\/\" class=\"bd-twitter-share bd-social-share\"><i class=\"fab fa-x-twitter\"><\/i><\/a>\n\t\t\t\t\t\t\t\t\t\t\t\t\t\t\t\t\t\t\t\t\t\t<a data-share=\"linkedin\" data-href=\"https:\/\/www.linkedin.com\/shareArticle\" data-url=\"https:\/\/karitaszeger.hu\/web\/2026\/04\/01\/tartoselelmiszer-gyujtes-a-nagybojtben-kozos-osszefogassal-tettuk-szebbe-az-unnepet\/\" class=\"bd-linkedin-share bd-social-share\"><i class=\"fab fa-linkedin-in\"><\/i><\/a>\n\t\t\t\t\t\t\t\t\t\t\t\t\t\t\t\t\t\t\t\t\t\t<a data-share=\"pinterest\" data-href=\"https:\/\/pinterest.com\/pin\/create\/button\/\" data-url=\"https:\/\/karitaszeger.hu\/web\/2026\/04\/01\/tartoselelmiszer-gyujtes-a-nagybojtben-kozos-osszefogassal-tettuk-szebbe-az-unnepet\/\" data-mdia=\"https:\/\/karitaszeger.hu\/web\/wp-content\/uploads\/2026\/04\/TARTOSELELMISZER-GYUJTES-A-NAGYBOJTBEN-\u2013-KOZOS-OSSZEFOGASSAL-TETTUK-SZEBBE-AZ-UNNEPET3.jpg\" data-description=\"TART\u00d3S\u00c9LELMISZER GY\u0170JT\u00c9S A NAGYB\u00d6JTBEN \u2013 K\u00d6Z\u00d6S \u00d6SSZEFOG\u00c1SSAL TETT\u00dcK SZEBB\u00c9 AZ \u00dcNNEPET\" class=\"bd-pinterest-share bd-social-share\"> <i class=\"fab fa-pinterest-p\"><\/i><\/a>\n\t\t\t\t\t\t\t\t\t\t\t\t<\/div>\n\t\t\t\t\t\t\t\t\t<\/div>\n\t\t\t<\/div>\n\t\t<\/li>\n\n\t\t\t\t<li class=\"blog_wrap bdp_blog_template three_column three_column_ipad two_column_tablet one_column_mobile bdp_blog_single_post_wrapp\">\n\t\t\t\t\t\t<div class=\"post-meta\">\n\t\t\t\t\t\t\t\t\t<div class=\"postdate\">\n\t\t\t\t\t\t<span class=\"month\">m\u00e1rc 31<\/span>\n\t\t\t\t\t\t<span class=\"year\">2026<\/span>\n\t\t\t\t\t<\/div>\n\t\t\t\t\t\t\t\t<\/div>\n\t\t\t<div class=\"post-media\">\n\t\t\t\t\t\t\t\t\t<div class=\"bd-post-image\"><a href=\"https:\/\/karitaszeger.hu\/web\/2026\/03\/31\/nagybojti-tartoselelmiszer-gyujtes-eredmenye-orszagosan\/\"><img decoding=\"async\" width=\"2048\" height=\"1536\" src=\"https:\/\/karitaszeger.hu\/web\/wp-content\/uploads\/2026\/04\/NYAGYBOJTI-TARTOSELELMISZER-GYUJTES-eredmenye-orszagosan2.jpg\" class=\"attachment-full size-full wp-post-image\" alt=\"\" srcset=\"https:\/\/karitaszeger.hu\/web\/wp-content\/uploads\/2026\/04\/NYAGYBOJTI-TARTOSELELMISZER-GYUJTES-eredmenye-orszagosan2-160x120.jpg 160w, https:\/\/karitaszeger.hu\/web\/wp-content\/uploads\/2026\/04\/NYAGYBOJTI-TARTOSELELMISZER-GYUJTES-eredmenye-orszagosan2-200x150.jpg 200w, https:\/\/karitaszeger.hu\/web\/wp-content\/uploads\/2026\/04\/NYAGYBOJTI-TARTOSELELMISZER-GYUJTES-eredmenye-orszagosan2-300x225.jpg 300w, https:\/\/karitaszeger.hu\/web\/wp-content\/uploads\/2026\/04\/NYAGYBOJTI-TARTOSELELMISZER-GYUJTES-eredmenye-orszagosan2-400x300.jpg 400w, https:\/\/karitaszeger.hu\/web\/wp-content\/uploads\/2026\/04\/NYAGYBOJTI-TARTOSELELMISZER-GYUJTES-eredmenye-orszagosan2-500x375.jpg 500w, https:\/\/karitaszeger.hu\/web\/wp-content\/uploads\/2026\/04\/NYAGYBOJTI-TARTOSELELMISZER-GYUJTES-eredmenye-orszagosan2-600x450.jpg 600w, https:\/\/karitaszeger.hu\/web\/wp-content\/uploads\/2026\/04\/NYAGYBOJTI-TARTOSELELMISZER-GYUJTES-eredmenye-orszagosan2-700x525.jpg 700w, https:\/\/karitaszeger.hu\/web\/wp-content\/uploads\/2026\/04\/NYAGYBOJTI-TARTOSELELMISZER-GYUJTES-eredmenye-orszagosan2-768x576.jpg 768w, https:\/\/karitaszeger.hu\/web\/wp-content\/uploads\/2026\/04\/NYAGYBOJTI-TARTOSELELMISZER-GYUJTES-eredmenye-orszagosan2-800x600.jpg 800w, https:\/\/karitaszeger.hu\/web\/wp-content\/uploads\/2026\/04\/NYAGYBOJTI-TARTOSELELMISZER-GYUJTES-eredmenye-orszagosan2-1024x768.jpg 1024w, https:\/\/karitaszeger.hu\/web\/wp-content\/uploads\/2026\/04\/NYAGYBOJTI-TARTOSELELMISZER-GYUJTES-eredmenye-orszagosan2-1200x900.jpg 1200w, https:\/\/karitaszeger.hu\/web\/wp-content\/uploads\/2026\/04\/NYAGYBOJTI-TARTOSELELMISZER-GYUJTES-eredmenye-orszagosan2-1536x1152.jpg 1536w, https:\/\/karitaszeger.hu\/web\/wp-content\/uploads\/2026\/04\/NYAGYBOJTI-TARTOSELELMISZER-GYUJTES-eredmenye-orszagosan2.jpg 2048w\" sizes=\"(max-width: 2048px) 100vw, 2048px\" \/><\/a><\/div> \n\t\t\t\t\t\t\t\t<\/div>\n\t\t\t<div class=\"post_summary_outer\">\n\t\t\t\t<div class=\"blog_header\">\n\t\t\t\t\t<h2><a href=\"https:\/\/karitaszeger.hu\/web\/2026\/03\/31\/nagybojti-tartoselelmiszer-gyujtes-eredmenye-orszagosan\/\"><span>NAGYB\u00d6JTI TART\u00d3S\u00c9LELMISZER GY\u0170JT\u00c9S eredm\u00e9nye orsz\u00e1gosan<\/span><\/a><\/h2>\n\t\t\t\t<\/div>\n\t\t\t\t<div class=\"post_content\">\n\t\t\t\t\tNAGYB\u00d6JTI TART\u00d3S\u00c9LELMISZER GY\u0170JT\u00c9S eredm\u00e9nye orsz\u00e1gosan: 87 tonna \u00e9lelmiszer+ 4 milli\u00f3 Ft adom\u00e1ny, amib\u0151l \u00e9lelmiszert v\u00e1s\u00e1rolunk. Az Egri Egyh\u00e1zmegy\u00e9ben a Nagyb\u00f6jti \u00e9lelmiszergy\u0171jt\u00e9s \u00f6sszes\u00edtett eredm\u00e9nye: 17.238 kg lett. H\u00e1l\u00e1san k\u00f6sz\u00f6nj\u00fck az adom\u00e1nyokat.\t\t\t\t\t<div class=\"bd-more-next-line\"><a class=\"bd-more-tag\" href=\"https:\/\/karitaszeger.hu\/web\/2026\/03\/31\/nagybojti-tartoselelmiszer-gyujtes-eredmenye-orszagosan\/\">Tov\u00e1bb <\/a><\/div>\t\t\t\t<\/div>\n\t\t\t<\/div>\n\t\t\t<div class=\"blog_footer\">\n\t\t\t\t<div class=\"footer_meta\">\n\t\t\t\t\t\t\t\t\t\t\t\t\t\t<\/div>\n\t\t\t\t<div class='bd_social_share_wrap'>\n\t\t\t\t\t\t\t\t\t\t\t<div class=\"social-component\">\n\t\t\t\t\t\t\t\t\t\t\t\t\t\t\t<a data-share=\"facebook\" data-href=\"https:\/\/www.facebook.com\/sharer\/sharer.php\" data-url=\"https:\/\/karitaszeger.hu\/web\/2026\/03\/31\/nagybojti-tartoselelmiszer-gyujtes-eredmenye-orszagosan\/\" class=\"bd-facebook-share bd-social-share\"><i class=\"fab fa-facebook-f\"><\/i><\/a>\n\t\t\t\t\t\t\t\t\t\t\t\t\t\t\t\t\t\t\t\t\t\t<a data-share=\"twitter\" data-href=\"https:\/\/twitter.com\/share\" data-text=\"NAGYB\u00d6JTI TART\u00d3S\u00c9LELMISZER GY\u0170JT\u00c9S eredm\u00e9nye orsz\u00e1gosan\" data-url=\"https:\/\/karitaszeger.hu\/web\/2026\/03\/31\/nagybojti-tartoselelmiszer-gyujtes-eredmenye-orszagosan\/\" class=\"bd-twitter-share bd-social-share\"><i class=\"fab fa-x-twitter\"><\/i><\/a>\n\t\t\t\t\t\t\t\t\t\t\t\t\t\t\t\t\t\t\t\t\t\t<a data-share=\"linkedin\" data-href=\"https:\/\/www.linkedin.com\/shareArticle\" data-url=\"https:\/\/karitaszeger.hu\/web\/2026\/03\/31\/nagybojti-tartoselelmiszer-gyujtes-eredmenye-orszagosan\/\" class=\"bd-linkedin-share bd-social-share\"><i class=\"fab fa-linkedin-in\"><\/i><\/a>\n\t\t\t\t\t\t\t\t\t\t\t\t\t\t\t\t\t\t\t\t\t\t<a data-share=\"pinterest\" data-href=\"https:\/\/pinterest.com\/pin\/create\/button\/\" data-url=\"https:\/\/karitaszeger.hu\/web\/2026\/03\/31\/nagybojti-tartoselelmiszer-gyujtes-eredmenye-orszagosan\/\" data-mdia=\"https:\/\/karitaszeger.hu\/web\/wp-content\/uploads\/2026\/04\/NYAGYBOJTI-TARTOSELELMISZER-GYUJTES-eredmenye-orszagosan2.jpg\" data-description=\"NAGYB\u00d6JTI TART\u00d3S\u00c9LELMISZER GY\u0170JT\u00c9S eredm\u00e9nye orsz\u00e1gosan\" class=\"bd-pinterest-share bd-social-share\"> <i class=\"fab fa-pinterest-p\"><\/i><\/a>\n\t\t\t\t\t\t\t\t\t\t\t\t<\/div>\n\t\t\t\t\t\t\t\t\t<\/div>\n\t\t\t<\/div>\n\t\t<\/li>\n\n\t\t\t\t<li class=\"blog_wrap bdp_blog_template three_column three_column_ipad two_column_tablet one_column_mobile bdp_blog_single_post_wrapp\">\n\t\t\t\t\t\t<div class=\"post-meta\">\n\t\t\t\t\t\t\t\t\t<div class=\"postdate\">\n\t\t\t\t\t\t<span class=\"month\">m\u00e1rc 31<\/span>\n\t\t\t\t\t\t<span class=\"year\">2026<\/span>\n\t\t\t\t\t<\/div>\n\t\t\t\t\t\t\t\t<\/div>\n\t\t\t<div class=\"post-media\">\n\t\t\t\t\t\t\t\t\t<div class=\"bd-post-image\"><a href=\"https:\/\/karitaszeger.hu\/web\/2026\/03\/31\/zoldello-kertek-1-212-csaladot-tamogat-az-egri-karitasz-vetomagokkal\/\"><img decoding=\"async\" width=\"1536\" height=\"2048\" src=\"https:\/\/karitaszeger.hu\/web\/wp-content\/uploads\/2026\/04\/ZOLDELLO-KERTEK-1.212-CSALADOT-tamogat-az-Egri-Karitasz-vetomagokkal4.jpg\" class=\"attachment-full size-full wp-post-image\" alt=\"\" srcset=\"https:\/\/karitaszeger.hu\/web\/wp-content\/uploads\/2026\/04\/ZOLDELLO-KERTEK-1.212-CSALADOT-tamogat-az-Egri-Karitasz-vetomagokkal4-200x267.jpg 200w, https:\/\/karitaszeger.hu\/web\/wp-content\/uploads\/2026\/04\/ZOLDELLO-KERTEK-1.212-CSALADOT-tamogat-az-Egri-Karitasz-vetomagokkal4-225x300.jpg 225w, https:\/\/karitaszeger.hu\/web\/wp-content\/uploads\/2026\/04\/ZOLDELLO-KERTEK-1.212-CSALADOT-tamogat-az-Egri-Karitasz-vetomagokkal4-400x533.jpg 400w, https:\/\/karitaszeger.hu\/web\/wp-content\/uploads\/2026\/04\/ZOLDELLO-KERTEK-1.212-CSALADOT-tamogat-az-Egri-Karitasz-vetomagokkal4-500x667.jpg 500w, https:\/\/karitaszeger.hu\/web\/wp-content\/uploads\/2026\/04\/ZOLDELLO-KERTEK-1.212-CSALADOT-tamogat-az-Egri-Karitasz-vetomagokkal4-600x800.jpg 600w, https:\/\/karitaszeger.hu\/web\/wp-content\/uploads\/2026\/04\/ZOLDELLO-KERTEK-1.212-CSALADOT-tamogat-az-Egri-Karitasz-vetomagokkal4-700x933.jpg 700w, https:\/\/karitaszeger.hu\/web\/wp-content\/uploads\/2026\/04\/ZOLDELLO-KERTEK-1.212-CSALADOT-tamogat-az-Egri-Karitasz-vetomagokkal4-768x1024.jpg 768w, https:\/\/karitaszeger.hu\/web\/wp-content\/uploads\/2026\/04\/ZOLDELLO-KERTEK-1.212-CSALADOT-tamogat-az-Egri-Karitasz-vetomagokkal4-800x1067.jpg 800w, https:\/\/karitaszeger.hu\/web\/wp-content\/uploads\/2026\/04\/ZOLDELLO-KERTEK-1.212-CSALADOT-tamogat-az-Egri-Karitasz-vetomagokkal4-1152x1536.jpg 1152w, https:\/\/karitaszeger.hu\/web\/wp-content\/uploads\/2026\/04\/ZOLDELLO-KERTEK-1.212-CSALADOT-tamogat-az-Egri-Karitasz-vetomagokkal4-1200x1600.jpg 1200w, https:\/\/karitaszeger.hu\/web\/wp-content\/uploads\/2026\/04\/ZOLDELLO-KERTEK-1.212-CSALADOT-tamogat-az-Egri-Karitasz-vetomagokkal4.jpg 1536w\" sizes=\"(max-width: 1536px) 100vw, 1536px\" \/><\/a><\/div> \n\t\t\t\t\t\t\t\t<\/div>\n\t\t\t<div class=\"post_summary_outer\">\n\t\t\t\t<div class=\"blog_header\">\n\t\t\t\t\t<h2><a href=\"https:\/\/karitaszeger.hu\/web\/2026\/03\/31\/zoldello-kertek-1-212-csaladot-tamogat-az-egri-karitasz-vetomagokkal\/\"><span>Z\u00d6LDELL\u0150 KERTEK: 1.212 CSAL\u00c1DOT t\u00e1mogat az Egri Karit\u00e1sz vet\u0151magokkal<\/span><\/a><\/h2>\n\t\t\t\t<\/div>\n\t\t\t\t<div class=\"post_content\">\n\t\t\t\t\tZ\u00d6LDELL\u0150 KERTEK: 1.212 CSAL\u00c1DOT t\u00e1mogat az Egri Karit\u00e1sz vet\u0151magokkal. \u00d6NGONDOSKOD\u00c1SRA tan\u00edtja a r\u00e1szorul\u00f3 csal\u00e1dokat a Z\u00f6ldell\u0151 Kertek programmal a Katolikus Karit\u00e1sz, ami az Egri Karit\u00e1szt\u00f3l indult \u00fatj\u00e1ra 2013-ban \u00e9s az\u00f3ta\t\t\t\t\t<div class=\"bd-more-next-line\"><a class=\"bd-more-tag\" href=\"https:\/\/karitaszeger.hu\/web\/2026\/03\/31\/zoldello-kertek-1-212-csaladot-tamogat-az-egri-karitasz-vetomagokkal\/\">Tov\u00e1bb <\/a><\/div>\t\t\t\t<\/div>\n\t\t\t<\/div>\n\t\t\t<div class=\"blog_footer\">\n\t\t\t\t<div class=\"footer_meta\">\n\t\t\t\t\t\t\t\t\t\t\t\t\t\t<\/div>\n\t\t\t\t<div class='bd_social_share_wrap'>\n\t\t\t\t\t\t\t\t\t\t\t<div class=\"social-component\">\n\t\t\t\t\t\t\t\t\t\t\t\t\t\t\t<a data-share=\"facebook\" data-href=\"https:\/\/www.facebook.com\/sharer\/sharer.php\" data-url=\"https:\/\/karitaszeger.hu\/web\/2026\/03\/31\/zoldello-kertek-1-212-csaladot-tamogat-az-egri-karitasz-vetomagokkal\/\" class=\"bd-facebook-share bd-social-share\"><i class=\"fab fa-facebook-f\"><\/i><\/a>\n\t\t\t\t\t\t\t\t\t\t\t\t\t\t\t\t\t\t\t\t\t\t<a data-share=\"twitter\" data-href=\"https:\/\/twitter.com\/share\" data-text=\"Z\u00d6LDELL\u0150 KERTEK: 1.212 CSAL\u00c1DOT t\u00e1mogat az Egri Karit\u00e1sz vet\u0151magokkal\" data-url=\"https:\/\/karitaszeger.hu\/web\/2026\/03\/31\/zoldello-kertek-1-212-csaladot-tamogat-az-egri-karitasz-vetomagokkal\/\" class=\"bd-twitter-share bd-social-share\"><i class=\"fab fa-x-twitter\"><\/i><\/a>\n\t\t\t\t\t\t\t\t\t\t\t\t\t\t\t\t\t\t\t\t\t\t<a data-share=\"linkedin\" data-href=\"https:\/\/www.linkedin.com\/shareArticle\" data-url=\"https:\/\/karitaszeger.hu\/web\/2026\/03\/31\/zoldello-kertek-1-212-csaladot-tamogat-az-egri-karitasz-vetomagokkal\/\" class=\"bd-linkedin-share bd-social-share\"><i class=\"fab fa-linkedin-in\"><\/i><\/a>\n\t\t\t\t\t\t\t\t\t\t\t\t\t\t\t\t\t\t\t\t\t\t<a data-share=\"pinterest\" data-href=\"https:\/\/pinterest.com\/pin\/create\/button\/\" data-url=\"https:\/\/karitaszeger.hu\/web\/2026\/03\/31\/zoldello-kertek-1-212-csaladot-tamogat-az-egri-karitasz-vetomagokkal\/\" data-mdia=\"https:\/\/karitaszeger.hu\/web\/wp-content\/uploads\/2026\/04\/ZOLDELLO-KERTEK-1.212-CSALADOT-tamogat-az-Egri-Karitasz-vetomagokkal4.jpg\" data-description=\"Z\u00d6LDELL\u0150 KERTEK: 1.212 CSAL\u00c1DOT t\u00e1mogat az Egri Karit\u00e1sz vet\u0151magokkal\" class=\"bd-pinterest-share bd-social-share\"> <i class=\"fab fa-pinterest-p\"><\/i><\/a>\n\t\t\t\t\t\t\t\t\t\t\t\t<\/div>\n\t\t\t\t\t\t\t\t\t<\/div>\n\t\t\t<\/div>\n\t\t<\/li>\n\n\t\t\t\t<li class=\"blog_wrap bdp_blog_template three_column three_column_ipad two_column_tablet one_column_mobile bdp_blog_single_post_wrapp\">\n\t\t\t\t\t\t<div class=\"post-meta\">\n\t\t\t\t\t\t\t\t\t<div class=\"postdate\">\n\t\t\t\t\t\t<span class=\"month\">m\u00e1rc 31<\/span>\n\t\t\t\t\t\t<span class=\"year\">2026<\/span>\n\t\t\t\t\t<\/div>\n\t\t\t\t\t\t\t\t<\/div>\n\t\t\t<div class=\"post-media\">\n\t\t\t\t\t\t\t\t\t<div class=\"bd-post-image\"><a href=\"https:\/\/karitaszeger.hu\/web\/2026\/03\/31\/amit-eggyel-teszunk-a-legkisebbek-kozul-krisztusnak-tesszuk\/\"><img decoding=\"async\" width=\"2098\" height=\"1530\" src=\"https:\/\/karitaszeger.hu\/web\/wp-content\/uploads\/2026\/04\/amit-teszunk-a-gyerekekkel-krisztussal-tesszuk.png\" class=\"attachment-full size-full wp-post-image\" alt=\"\" srcset=\"https:\/\/karitaszeger.hu\/web\/wp-content\/uploads\/2026\/04\/amit-teszunk-a-gyerekekkel-krisztussal-tesszuk-200x146.png 200w, https:\/\/karitaszeger.hu\/web\/wp-content\/uploads\/2026\/04\/amit-teszunk-a-gyerekekkel-krisztussal-tesszuk-300x219.png 300w, https:\/\/karitaszeger.hu\/web\/wp-content\/uploads\/2026\/04\/amit-teszunk-a-gyerekekkel-krisztussal-tesszuk-400x292.png 400w, https:\/\/karitaszeger.hu\/web\/wp-content\/uploads\/2026\/04\/amit-teszunk-a-gyerekekkel-krisztussal-tesszuk-500x365.png 500w, https:\/\/karitaszeger.hu\/web\/wp-content\/uploads\/2026\/04\/amit-teszunk-a-gyerekekkel-krisztussal-tesszuk-600x438.png 600w, https:\/\/karitaszeger.hu\/web\/wp-content\/uploads\/2026\/04\/amit-teszunk-a-gyerekekkel-krisztussal-tesszuk-700x510.png 700w, https:\/\/karitaszeger.hu\/web\/wp-content\/uploads\/2026\/04\/amit-teszunk-a-gyerekekkel-krisztussal-tesszuk-768x560.png 768w, https:\/\/karitaszeger.hu\/web\/wp-content\/uploads\/2026\/04\/amit-teszunk-a-gyerekekkel-krisztussal-tesszuk-800x583.png 800w, https:\/\/karitaszeger.hu\/web\/wp-content\/uploads\/2026\/04\/amit-teszunk-a-gyerekekkel-krisztussal-tesszuk-1024x747.png 1024w, https:\/\/karitaszeger.hu\/web\/wp-content\/uploads\/2026\/04\/amit-teszunk-a-gyerekekkel-krisztussal-tesszuk-1200x875.png 1200w, https:\/\/karitaszeger.hu\/web\/wp-content\/uploads\/2026\/04\/amit-teszunk-a-gyerekekkel-krisztussal-tesszuk-1536x1120.png 1536w, https:\/\/karitaszeger.hu\/web\/wp-content\/uploads\/2026\/04\/amit-teszunk-a-gyerekekkel-krisztussal-tesszuk.png 2098w\" sizes=\"(max-width: 2098px) 100vw, 2098px\" \/><\/a><\/div> \n\t\t\t\t\t\t\t\t<\/div>\n\t\t\t<div class=\"post_summary_outer\">\n\t\t\t\t<div class=\"blog_header\">\n\t\t\t\t\t<h2><a href=\"https:\/\/karitaszeger.hu\/web\/2026\/03\/31\/amit-eggyel-teszunk-a-legkisebbek-kozul-krisztusnak-tesszuk\/\"><span>Amit eggyel tesz\u00fcnk a legkisebbek k\u00f6z\u00fcl, Krisztusnak tessz\u00fck<\/span><\/a><\/h2>\n\t\t\t\t<\/div>\n\t\t\t\t<div class=\"post_content\">\n\t\t\t\t\tIyen a mi munk\u00e1nk is&#8230;..csak ezt nem l\u00e1tjuk meg. Amit eggyel tesz\u00fcnk a legkisebbek k\u00f6z\u00fcl, Krisztusnak tessz\u00fck. AZ \u00d6N SEG\u00cdTS\u00c9G\u00c9RE\u00a0IS SZ\u00dcKS\u00c9G VAN! 1356 \u2013 H\u00cdVJON, HOGY SEG\u00cdTHESS\u00dcNK! ONLINE ADOM\u00c1NYOZ\u00c1S\t\t\t\t\t<div class=\"bd-more-next-line\"><a class=\"bd-more-tag\" href=\"https:\/\/karitaszeger.hu\/web\/2026\/03\/31\/amit-eggyel-teszunk-a-legkisebbek-kozul-krisztusnak-tesszuk\/\">Tov\u00e1bb <\/a><\/div>\t\t\t\t<\/div>\n\t\t\t<\/div>\n\t\t\t<div class=\"blog_footer\">\n\t\t\t\t<div class=\"footer_meta\">\n\t\t\t\t\t\t\t\t\t\t\t\t\t\t<\/div>\n\t\t\t\t<div class='bd_social_share_wrap'>\n\t\t\t\t\t\t\t\t\t\t\t<div class=\"social-component\">\n\t\t\t\t\t\t\t\t\t\t\t\t\t\t\t<a data-share=\"facebook\" data-href=\"https:\/\/www.facebook.com\/sharer\/sharer.php\" data-url=\"https:\/\/karitaszeger.hu\/web\/2026\/03\/31\/amit-eggyel-teszunk-a-legkisebbek-kozul-krisztusnak-tesszuk\/\" class=\"bd-facebook-share bd-social-share\"><i class=\"fab fa-facebook-f\"><\/i><\/a>\n\t\t\t\t\t\t\t\t\t\t\t\t\t\t\t\t\t\t\t\t\t\t<a data-share=\"twitter\" data-href=\"https:\/\/twitter.com\/share\" data-text=\"Amit eggyel tesz\u00fcnk a legkisebbek k\u00f6z\u00fcl, Krisztusnak tessz\u00fck\" data-url=\"https:\/\/karitaszeger.hu\/web\/2026\/03\/31\/amit-eggyel-teszunk-a-legkisebbek-kozul-krisztusnak-tesszuk\/\" class=\"bd-twitter-share bd-social-share\"><i class=\"fab fa-x-twitter\"><\/i><\/a>\n\t\t\t\t\t\t\t\t\t\t\t\t\t\t\t\t\t\t\t\t\t\t<a data-share=\"linkedin\" data-href=\"https:\/\/www.linkedin.com\/shareArticle\" data-url=\"https:\/\/karitaszeger.hu\/web\/2026\/03\/31\/amit-eggyel-teszunk-a-legkisebbek-kozul-krisztusnak-tesszuk\/\" class=\"bd-linkedin-share bd-social-share\"><i class=\"fab fa-linkedin-in\"><\/i><\/a>\n\t\t\t\t\t\t\t\t\t\t\t\t\t\t\t\t\t\t\t\t\t\t<a data-share=\"pinterest\" data-href=\"https:\/\/pinterest.com\/pin\/create\/button\/\" data-url=\"https:\/\/karitaszeger.hu\/web\/2026\/03\/31\/amit-eggyel-teszunk-a-legkisebbek-kozul-krisztusnak-tesszuk\/\" data-mdia=\"https:\/\/karitaszeger.hu\/web\/wp-content\/uploads\/2026\/04\/amit-teszunk-a-gyerekekkel-krisztussal-tesszuk.png\" data-description=\"Amit eggyel tesz\u00fcnk a legkisebbek k\u00f6z\u00fcl, Krisztusnak tessz\u00fck\" class=\"bd-pinterest-share bd-social-share\"> <i class=\"fab fa-pinterest-p\"><\/i><\/a>\n\t\t\t\t\t\t\t\t\t\t\t\t<\/div>\n\t\t\t\t\t\t\t\t\t<\/div>\n\t\t\t<\/div>\n\t\t<\/li>\n\n\t\t\t\t<li class=\"blog_wrap bdp_blog_template three_column three_column_ipad two_column_tablet one_column_mobile bdp_blog_single_post_wrapp\">\n\t\t\t\t\t\t<div class=\"post-meta\">\n\t\t\t\t\t\t\t\t\t<div class=\"postdate\">\n\t\t\t\t\t\t<span class=\"month\">m\u00e1rc 31<\/span>\n\t\t\t\t\t\t<span class=\"year\">2026<\/span>\n\t\t\t\t\t<\/div>\n\t\t\t\t\t\t\t\t<\/div>\n\t\t\t<div class=\"post-media\">\n\t\t\t\t\t\t\t\t\t<div class=\"bd-post-image\"><a href=\"https:\/\/karitaszeger.hu\/web\/2026\/03\/31\/halasan-koszonjuk-a-szolgalatat-mindenkinek\/\"><img decoding=\"async\" width=\"1273\" height=\"737\" src=\"https:\/\/karitaszeger.hu\/web\/wp-content\/uploads\/2026\/04\/Halasan-koszonom-a-szolgalatat-mindenkinek.jpg\" class=\"attachment-full size-full wp-post-image\" alt=\"\" srcset=\"https:\/\/karitaszeger.hu\/web\/wp-content\/uploads\/2026\/04\/Halasan-koszonom-a-szolgalatat-mindenkinek-200x116.jpg 200w, https:\/\/karitaszeger.hu\/web\/wp-content\/uploads\/2026\/04\/Halasan-koszonom-a-szolgalatat-mindenkinek-300x174.jpg 300w, https:\/\/karitaszeger.hu\/web\/wp-content\/uploads\/2026\/04\/Halasan-koszonom-a-szolgalatat-mindenkinek-400x232.jpg 400w, https:\/\/karitaszeger.hu\/web\/wp-content\/uploads\/2026\/04\/Halasan-koszonom-a-szolgalatat-mindenkinek-500x289.jpg 500w, https:\/\/karitaszeger.hu\/web\/wp-content\/uploads\/2026\/04\/Halasan-koszonom-a-szolgalatat-mindenkinek-600x347.jpg 600w, https:\/\/karitaszeger.hu\/web\/wp-content\/uploads\/2026\/04\/Halasan-koszonom-a-szolgalatat-mindenkinek-700x405.jpg 700w, https:\/\/karitaszeger.hu\/web\/wp-content\/uploads\/2026\/04\/Halasan-koszonom-a-szolgalatat-mindenkinek-768x445.jpg 768w, https:\/\/karitaszeger.hu\/web\/wp-content\/uploads\/2026\/04\/Halasan-koszonom-a-szolgalatat-mindenkinek-800x463.jpg 800w, https:\/\/karitaszeger.hu\/web\/wp-content\/uploads\/2026\/04\/Halasan-koszonom-a-szolgalatat-mindenkinek-1024x593.jpg 1024w, https:\/\/karitaszeger.hu\/web\/wp-content\/uploads\/2026\/04\/Halasan-koszonom-a-szolgalatat-mindenkinek-1200x695.jpg 1200w, https:\/\/karitaszeger.hu\/web\/wp-content\/uploads\/2026\/04\/Halasan-koszonom-a-szolgalatat-mindenkinek.jpg 1273w\" sizes=\"(max-width: 1273px) 100vw, 1273px\" \/><\/a><\/div> \n\t\t\t\t\t\t\t\t<\/div>\n\t\t\t<div class=\"post_summary_outer\">\n\t\t\t\t<div class=\"blog_header\">\n\t\t\t\t\t<h2><a href=\"https:\/\/karitaszeger.hu\/web\/2026\/03\/31\/halasan-koszonjuk-a-szolgalatat-mindenkinek\/\"><span>H\u00e1l\u00e1san k\u00f6sz\u00f6nj\u00fck a szolg\u00e1lat\u00e1t mindenkinek<\/span><\/a><\/h2>\n\t\t\t\t<\/div>\n\t\t\t\t<div class=\"post_content\">\n\t\t\t\t\tH\u00e1l\u00e1san k\u00f6sz\u00f6n\u00f6m a szolg\u00e1lat\u00e1t mindenkinek. Elhunyt karit\u00e1szos testv\u00e9reink \u00c9gi \u00fcnnepe H\u00fasv\u00e9t, mert m\u00e1r az \u00c9gb\u0151l seg\u00edtenek benn\u00fcnket! \u00c1ldott H\u00fasv\u00e9tot! &#8211; \u00c1rvai Ferenc AZ \u00d6N SEG\u00cdTS\u00c9G\u00c9RE\u00a0IS SZ\u00dcKS\u00c9G VAN! 1356 \u2013 H\u00cdVJON,\t\t\t\t\t<div class=\"bd-more-next-line\"><a class=\"bd-more-tag\" href=\"https:\/\/karitaszeger.hu\/web\/2026\/03\/31\/halasan-koszonjuk-a-szolgalatat-mindenkinek\/\">Tov\u00e1bb <\/a><\/div>\t\t\t\t<\/div>\n\t\t\t<\/div>\n\t\t\t<div class=\"blog_footer\">\n\t\t\t\t<div class=\"footer_meta\">\n\t\t\t\t\t\t\t\t\t\t\t\t\t\t<\/div>\n\t\t\t\t<div class='bd_social_share_wrap'>\n\t\t\t\t\t\t\t\t\t\t\t<div class=\"social-component\">\n\t\t\t\t\t\t\t\t\t\t\t\t\t\t\t<a data-share=\"facebook\" data-href=\"https:\/\/www.facebook.com\/sharer\/sharer.php\" data-url=\"https:\/\/karitaszeger.hu\/web\/2026\/03\/31\/halasan-koszonjuk-a-szolgalatat-mindenkinek\/\" class=\"bd-facebook-share bd-social-share\"><i class=\"fab fa-facebook-f\"><\/i><\/a>\n\t\t\t\t\t\t\t\t\t\t\t\t\t\t\t\t\t\t\t\t\t\t<a data-share=\"twitter\" data-href=\"https:\/\/twitter.com\/share\" data-text=\"H\u00e1l\u00e1san k\u00f6sz\u00f6nj\u00fck a szolg\u00e1lat\u00e1t mindenkinek\" data-url=\"https:\/\/karitaszeger.hu\/web\/2026\/03\/31\/halasan-koszonjuk-a-szolgalatat-mindenkinek\/\" class=\"bd-twitter-share bd-social-share\"><i class=\"fab fa-x-twitter\"><\/i><\/a>\n\t\t\t\t\t\t\t\t\t\t\t\t\t\t\t\t\t\t\t\t\t\t<a data-share=\"linkedin\" data-href=\"https:\/\/www.linkedin.com\/shareArticle\" data-url=\"https:\/\/karitaszeger.hu\/web\/2026\/03\/31\/halasan-koszonjuk-a-szolgalatat-mindenkinek\/\" class=\"bd-linkedin-share bd-social-share\"><i class=\"fab fa-linkedin-in\"><\/i><\/a>\n\t\t\t\t\t\t\t\t\t\t\t\t\t\t\t\t\t\t\t\t\t\t<a data-share=\"pinterest\" data-href=\"https:\/\/pinterest.com\/pin\/create\/button\/\" data-url=\"https:\/\/karitaszeger.hu\/web\/2026\/03\/31\/halasan-koszonjuk-a-szolgalatat-mindenkinek\/\" data-mdia=\"https:\/\/karitaszeger.hu\/web\/wp-content\/uploads\/2026\/04\/Halasan-koszonom-a-szolgalatat-mindenkinek.jpg\" data-description=\"H\u00e1l\u00e1san k\u00f6sz\u00f6nj\u00fck a szolg\u00e1lat\u00e1t mindenkinek\" class=\"bd-pinterest-share bd-social-share\"> <i class=\"fab fa-pinterest-p\"><\/i><\/a>\n\t\t\t\t\t\t\t\t\t\t\t\t<\/div>\n\t\t\t\t\t\t\t\t\t<\/div>\n\t\t\t<\/div>\n\t\t<\/li>\n\n\t\t\t\t<li class=\"blog_wrap bdp_blog_template three_column three_column_ipad two_column_tablet one_column_mobile bdp_blog_single_post_wrapp\">\n\t\t\t\t\t\t<div class=\"post-meta\">\n\t\t\t\t\t\t\t\t\t<div class=\"postdate\">\n\t\t\t\t\t\t<span class=\"month\">m\u00e1rc 28<\/span>\n\t\t\t\t\t\t<span class=\"year\">2026<\/span>\n\t\t\t\t\t<\/div>\n\t\t\t\t\t\t\t\t<\/div>\n\t\t\t<div class=\"post-media\">\n\t\t\t\t\t\t\t\t\t<div class=\"bd-post-image\"><a href=\"https:\/\/karitaszeger.hu\/web\/2026\/03\/28\/a-jaszarokszallasi-szent-erzsebet-karitasz-csoport-2026-marcius-28-an-95-kiertesitett-csalad-reszere-osztott-949-kg-tartos-elelmiszert\/\"><img decoding=\"async\" width=\"2048\" height=\"1536\" src=\"https:\/\/karitaszeger.hu\/web\/wp-content\/uploads\/2026\/04\/A-jaszarokszallasi-Szent-Erzsebet-Karitasz-Csoport-2026-marcius-28-an-95-kiertesitett-csalad-reszere-osztott-949-kg-tartos-elelmiszert1.jpg\" class=\"attachment-full size-full wp-post-image\" alt=\"\" srcset=\"https:\/\/karitaszeger.hu\/web\/wp-content\/uploads\/2026\/04\/A-jaszarokszallasi-Szent-Erzsebet-Karitasz-Csoport-2026-marcius-28-an-95-kiertesitett-csalad-reszere-osztott-949-kg-tartos-elelmiszert1-160x120.jpg 160w, https:\/\/karitaszeger.hu\/web\/wp-content\/uploads\/2026\/04\/A-jaszarokszallasi-Szent-Erzsebet-Karitasz-Csoport-2026-marcius-28-an-95-kiertesitett-csalad-reszere-osztott-949-kg-tartos-elelmiszert1-200x150.jpg 200w, https:\/\/karitaszeger.hu\/web\/wp-content\/uploads\/2026\/04\/A-jaszarokszallasi-Szent-Erzsebet-Karitasz-Csoport-2026-marcius-28-an-95-kiertesitett-csalad-reszere-osztott-949-kg-tartos-elelmiszert1-300x225.jpg 300w, https:\/\/karitaszeger.hu\/web\/wp-content\/uploads\/2026\/04\/A-jaszarokszallasi-Szent-Erzsebet-Karitasz-Csoport-2026-marcius-28-an-95-kiertesitett-csalad-reszere-osztott-949-kg-tartos-elelmiszert1-400x300.jpg 400w, https:\/\/karitaszeger.hu\/web\/wp-content\/uploads\/2026\/04\/A-jaszarokszallasi-Szent-Erzsebet-Karitasz-Csoport-2026-marcius-28-an-95-kiertesitett-csalad-reszere-osztott-949-kg-tartos-elelmiszert1-500x375.jpg 500w, https:\/\/karitaszeger.hu\/web\/wp-content\/uploads\/2026\/04\/A-jaszarokszallasi-Szent-Erzsebet-Karitasz-Csoport-2026-marcius-28-an-95-kiertesitett-csalad-reszere-osztott-949-kg-tartos-elelmiszert1-600x450.jpg 600w, https:\/\/karitaszeger.hu\/web\/wp-content\/uploads\/2026\/04\/A-jaszarokszallasi-Szent-Erzsebet-Karitasz-Csoport-2026-marcius-28-an-95-kiertesitett-csalad-reszere-osztott-949-kg-tartos-elelmiszert1-700x525.jpg 700w, https:\/\/karitaszeger.hu\/web\/wp-content\/uploads\/2026\/04\/A-jaszarokszallasi-Szent-Erzsebet-Karitasz-Csoport-2026-marcius-28-an-95-kiertesitett-csalad-reszere-osztott-949-kg-tartos-elelmiszert1-768x576.jpg 768w, https:\/\/karitaszeger.hu\/web\/wp-content\/uploads\/2026\/04\/A-jaszarokszallasi-Szent-Erzsebet-Karitasz-Csoport-2026-marcius-28-an-95-kiertesitett-csalad-reszere-osztott-949-kg-tartos-elelmiszert1-800x600.jpg 800w, https:\/\/karitaszeger.hu\/web\/wp-content\/uploads\/2026\/04\/A-jaszarokszallasi-Szent-Erzsebet-Karitasz-Csoport-2026-marcius-28-an-95-kiertesitett-csalad-reszere-osztott-949-kg-tartos-elelmiszert1-1024x768.jpg 1024w, https:\/\/karitaszeger.hu\/web\/wp-content\/uploads\/2026\/04\/A-jaszarokszallasi-Szent-Erzsebet-Karitasz-Csoport-2026-marcius-28-an-95-kiertesitett-csalad-reszere-osztott-949-kg-tartos-elelmiszert1-1200x900.jpg 1200w, https:\/\/karitaszeger.hu\/web\/wp-content\/uploads\/2026\/04\/A-jaszarokszallasi-Szent-Erzsebet-Karitasz-Csoport-2026-marcius-28-an-95-kiertesitett-csalad-reszere-osztott-949-kg-tartos-elelmiszert1-1536x1152.jpg 1536w, https:\/\/karitaszeger.hu\/web\/wp-content\/uploads\/2026\/04\/A-jaszarokszallasi-Szent-Erzsebet-Karitasz-Csoport-2026-marcius-28-an-95-kiertesitett-csalad-reszere-osztott-949-kg-tartos-elelmiszert1.jpg 2048w\" sizes=\"(max-width: 2048px) 100vw, 2048px\" \/><\/a><\/div> \n\t\t\t\t\t\t\t\t<\/div>\n\t\t\t<div class=\"post_summary_outer\">\n\t\t\t\t<div class=\"blog_header\">\n\t\t\t\t\t<h2><a href=\"https:\/\/karitaszeger.hu\/web\/2026\/03\/28\/a-jaszarokszallasi-szent-erzsebet-karitasz-csoport-2026-marcius-28-an-95-kiertesitett-csalad-reszere-osztott-949-kg-tartos-elelmiszert\/\"><span>A j\u00e1sz\u00e1roksz\u00e1ll\u00e1si Szent Erzs\u00e9bet Karit\u00e1sz Csoport 2026 m\u00e1rcius 28-\u00e1n 95 ki\u00e9rtes\u00edtett csal\u00e1d r\u00e9sz\u00e9re osztott 949 kg tart\u00f3s \u00e9lelmiszert<\/span><\/a><\/h2>\n\t\t\t\t<\/div>\n\t\t\t\t<div class=\"post_content\">\n\t\t\t\t\tZ\u00f6ldell\u0151 kertek! Szorgos kezek k\u00e9sz\u00edtik a vet\u0151mag csomagokat. 70 csal\u00e1d r\u00e9sz\u00e9re biztos\u00edtjuk a vet\u0151magot a kiskertekbe, \u00f6szt\u00f6n\u00f6zve ezzel az \u00f6ngondoskod\u00e1st is. \u00d6nk\u00e9nteseink hamarosan eljuttatj\u00e1k a csomagokat a h\u00e1ztart\u00e1sokba. J\u00f3 munk\u00e1t,\t\t\t\t\t<div class=\"bd-more-next-line\"><a class=\"bd-more-tag\" href=\"https:\/\/karitaszeger.hu\/web\/2026\/03\/28\/a-jaszarokszallasi-szent-erzsebet-karitasz-csoport-2026-marcius-28-an-95-kiertesitett-csalad-reszere-osztott-949-kg-tartos-elelmiszert\/\">Tov\u00e1bb <\/a><\/div>\t\t\t\t<\/div>\n\t\t\t<\/div>\n\t\t\t<div class=\"blog_footer\">\n\t\t\t\t<div class=\"footer_meta\">\n\t\t\t\t\t\t\t\t\t\t\t\t\t\t<\/div>\n\t\t\t\t<div class='bd_social_share_wrap'>\n\t\t\t\t\t\t\t\t\t\t\t<div class=\"social-component\">\n\t\t\t\t\t\t\t\t\t\t\t\t\t\t\t<a data-share=\"facebook\" data-href=\"https:\/\/www.facebook.com\/sharer\/sharer.php\" data-url=\"https:\/\/karitaszeger.hu\/web\/2026\/03\/28\/a-jaszarokszallasi-szent-erzsebet-karitasz-csoport-2026-marcius-28-an-95-kiertesitett-csalad-reszere-osztott-949-kg-tartos-elelmiszert\/\" class=\"bd-facebook-share bd-social-share\"><i class=\"fab fa-facebook-f\"><\/i><\/a>\n\t\t\t\t\t\t\t\t\t\t\t\t\t\t\t\t\t\t\t\t\t\t<a data-share=\"twitter\" data-href=\"https:\/\/twitter.com\/share\" data-text=\"A j\u00e1sz\u00e1roksz\u00e1ll\u00e1si Szent Erzs\u00e9bet Karit\u00e1sz Csoport 2026 m\u00e1rcius 28-\u00e1n 95 ki\u00e9rtes\u00edtett csal\u00e1d r\u00e9sz\u00e9re osztott 949 kg tart\u00f3s \u00e9lelmiszert\" data-url=\"https:\/\/karitaszeger.hu\/web\/2026\/03\/28\/a-jaszarokszallasi-szent-erzsebet-karitasz-csoport-2026-marcius-28-an-95-kiertesitett-csalad-reszere-osztott-949-kg-tartos-elelmiszert\/\" class=\"bd-twitter-share bd-social-share\"><i class=\"fab fa-x-twitter\"><\/i><\/a>\n\t\t\t\t\t\t\t\t\t\t\t\t\t\t\t\t\t\t\t\t\t\t<a data-share=\"linkedin\" data-href=\"https:\/\/www.linkedin.com\/shareArticle\" data-url=\"https:\/\/karitaszeger.hu\/web\/2026\/03\/28\/a-jaszarokszallasi-szent-erzsebet-karitasz-csoport-2026-marcius-28-an-95-kiertesitett-csalad-reszere-osztott-949-kg-tartos-elelmiszert\/\" class=\"bd-linkedin-share bd-social-share\"><i class=\"fab fa-linkedin-in\"><\/i><\/a>\n\t\t\t\t\t\t\t\t\t\t\t\t\t\t\t\t\t\t\t\t\t\t<a data-share=\"pinterest\" data-href=\"https:\/\/pinterest.com\/pin\/create\/button\/\" data-url=\"https:\/\/karitaszeger.hu\/web\/2026\/03\/28\/a-jaszarokszallasi-szent-erzsebet-karitasz-csoport-2026-marcius-28-an-95-kiertesitett-csalad-reszere-osztott-949-kg-tartos-elelmiszert\/\" data-mdia=\"https:\/\/karitaszeger.hu\/web\/wp-content\/uploads\/2026\/04\/A-jaszarokszallasi-Szent-Erzsebet-Karitasz-Csoport-2026-marcius-28-an-95-kiertesitett-csalad-reszere-osztott-949-kg-tartos-elelmiszert1.jpg\" data-description=\"A j\u00e1sz\u00e1roksz\u00e1ll\u00e1si Szent Erzs\u00e9bet Karit\u00e1sz Csoport 2026 m\u00e1rcius 28-\u00e1n 95 ki\u00e9rtes\u00edtett csal\u00e1d r\u00e9sz\u00e9re osztott 949 kg tart\u00f3s \u00e9lelmiszert\" class=\"bd-pinterest-share bd-social-share\"> <i class=\"fab fa-pinterest-p\"><\/i><\/a>\n\t\t\t\t\t\t\t\t\t\t\t\t<\/div>\n\t\t\t\t\t\t\t\t\t<\/div>\n\t\t\t<\/div>\n\t\t<\/li>\n\n\t\t\t\t\t\t\t\t<\/ul>\n\t\t\t\t\t<\/div>\n\t\t\t\t<div class=\"wl_pagination_box bd_pagination_box  boxy-clean\"><nav class=\"navigation paging-navigation\" role=\"navigation\"><ul class='page-numbers'>\n\t<li><span aria-current=\"page\" class=\"page-numbers current\">1<\/span><\/li>\n\t<li><a class=\"page-numbers\" href=\"https:\/\/karitaszeger.hu\/web\/wp-json\/wp\/v2\/pages\/8\/page\/2\/\">2<\/a><\/li>\n\t<li><span class=\"page-numbers dots\">&hellip;<\/span><\/li>\n\t<li><a class=\"page-numbers\" href=\"https:\/\/karitaszeger.hu\/web\/wp-json\/wp\/v2\/pages\/8\/page\/69\/\">69<\/a><\/li>\n\t<li><a class=\"next page-numbers\" href=\"https:\/\/karitaszeger.hu\/web\/wp-json\/wp\/v2\/pages\/8\/page\/2\/\">Next &rarr;<\/a><\/li>\n<\/ul>\n<\/nav><\/div><\/div>\n","protected":false},"excerpt":{"rendered":"","protected":false},"author":1,"featured_media":0,"parent":0,"menu_order":0,"comment_status":"closed","ping_status":"closed","template":"100-width.php","meta":{"footnotes":""},"class_list":["post-8","page","type-page","status-publish","hentry"],"_links":{"self":[{"href":"https:\/\/karitaszeger.hu\/web\/wp-json\/wp\/v2\/pages\/8","targetHints":{"allow":["GET"]}}],"collection":[{"href":"https:\/\/karitaszeger.hu\/web\/wp-json\/wp\/v2\/pages"}],"about":[{"href":"https:\/\/karitaszeger.hu\/web\/wp-json\/wp\/v2\/types\/page"}],"author":[{"embeddable":true,"href":"https:\/\/karitaszeger.hu\/web\/wp-json\/wp\/v2\/users\/1"}],"replies":[{"embeddable":true,"href":"https:\/\/karitaszeger.hu\/web\/wp-json\/wp\/v2\/comments?post=8"}],"version-history":[{"count":83,"href":"https:\/\/karitaszeger.hu\/web\/wp-json\/wp\/v2\/pages\/8\/revisions"}],"predecessor-version":[{"id":3400,"href":"https:\/\/karitaszeger.hu\/web\/wp-json\/wp\/v2\/pages\/8\/revisions\/3400"}],"wp:attachment":[{"href":"https:\/\/karitaszeger.hu\/web\/wp-json\/wp\/v2\/media?parent=8"}],"curies":[{"name":"wp","href":"https:\/\/api.w.org\/{rel}","templated":true}]}}